{"id":369,"date":"2024-05-14T09:47:19","date_gmt":"2024-05-14T09:47:19","guid":{"rendered":"https:\/\/pannoniahem.se\/?page_id=369"},"modified":"2024-05-15T07:48:58","modified_gmt":"2024-05-15T07:48:58","slug":"dataskyddspolicy","status":"publish","type":"page","link":"https:\/\/pannoniahem.se\/hu\/dataskyddspolicy\/","title":{"rendered":"Adatv\u00e9delmi szab\u00e1lyzat"},"content":{"rendered":"<p>[et_pb_section fb_built=&#8221;1&#8243; _builder_version=&#8221;4.25.1&#8243; _module_preset=&#8221;default&#8221; background_color_gradient_stops=&#8221;rgba(1,114,0,0.59) 0%|rgba(0,25,8,0.92) 100%&#8221; background_color_gradient_overlays_image=&#8221;on&#8221; background_image=&#8221;https:\/\/pannoniahem.se\/wp-content\/uploads\/2024\/05\/7edd7fdd-d131-4ab9-bbf8-2a5e109b2131.jpg&#8221; parallax=&#8221;on&#8221; parallax_method=&#8221;off&#8221; custom_padding=&#8221;50px||50px|||&#8221; hover_enabled=&#8221;0&#8243; global_colors_info=&#8221;{}&#8221; custom_padding_last_edited=&#8221;on|phone&#8221; custom_padding_phone=&#8221;40px||40px||true|false&#8221; sticky_enabled=&#8221;0&#8243; custom_padding_tablet=&#8221;50px||50px|||&#8221;][et_pb_row _builder_version=&#8221;4.25.0&#8243; _module_preset=&#8221;default&#8221; custom_padding=&#8221;9px||7px|||&#8221; global_colors_info=&#8221;{}&#8221;][et_pb_column type=&#8221;4_4&#8243; _builder_version=&#8221;4.25.0&#8243; _module_preset=&#8221;default&#8221; global_colors_info=&#8221;{}&#8221;][et_pb_heading title=&#8221;Dataskyddspolicy&#8221; _builder_version=&#8221;4.25.0&#8243; _module_preset=&#8221;default&#8221; title_font=&#8221;Oxygen|700|||||||&#8221; title_text_align=&#8221;left&#8221; title_text_color=&#8221;#FFFFFF&#8221; title_font_size=&#8221;45px&#8221; title_letter_spacing=&#8221;2px&#8221; title_line_height=&#8221;1.3em&#8221; title_font_size_tablet=&#8221;45px&#8221; title_font_size_phone=&#8221;30px&#8221; title_font_size_last_edited=&#8221;on|phone&#8221; global_colors_info=&#8221;{}&#8221;][\/et_pb_heading][\/et_pb_column][\/et_pb_row][\/et_pb_section][et_pb_section fb_built=&#8221;1&#8243; admin_label=&#8221;Hero&#8221; _builder_version=&#8221;4.25.1&#8243; _module_preset=&#8221;default&#8221; use_background_color_gradient=&#8221;off&#8221; overflow-x=&#8221;hidden&#8221; overflow-y=&#8221;hidden&#8221; custom_padding=&#8221;36px||6px||false|false&#8221; locked=&#8221;off&#8221; collapsed=&#8221;on&#8221; global_colors_info=&#8221;{}&#8221;][et_pb_row column_structure=&#8221;1_2,1_2&#8243; _builder_version=&#8221;4.25.0&#8243; _module_preset=&#8221;default&#8221; locked=&#8221;off&#8221; global_colors_info=&#8221;{}&#8221;][et_pb_column type=&#8221;1_2&#8243; _builder_version=&#8221;4.25.0&#8243; _module_preset=&#8221;default&#8221; custom_padding=&#8221;80px||||false|false&#8221; custom_padding_tablet=&#8221;0px||||false|false&#8221; custom_padding_phone=&#8221;0px||||false|false&#8221; custom_padding_last_edited=&#8221;on|desktop&#8221; global_colors_info=&#8221;{}&#8221;][et_pb_heading title=&#8221;Din integritet \u00e4r viktig f\u00f6r oss&#8221; _builder_version=&#8221;4.25.1&#8243; _module_preset=&#8221;default&#8221; title_font=&#8221;&#8211;et_global_heading_font|700|||||||&#8221; title_text_color=&#8221;#4ea01a&#8221; title_font_size=&#8221;50px&#8221; title_line_height=&#8221;1.3em&#8221; title_font_size_tablet=&#8221;40px&#8221; title_font_size_phone=&#8221;24px&#8221; title_font_size_last_edited=&#8221;on|phone&#8221; locked=&#8221;off&#8221; global_colors_info=&#8221;{}&#8221;][\/et_pb_heading][et_pb_text quote_border_color=&#8221;#ffc300&#8243; _builder_version=&#8221;4.25.1&#8243; _module_preset=&#8221;default&#8221; text_font=&#8221;&#8211;et_global_heading_font|Proza Libre_weight|||||||&#8221; text_text_color=&#8221;#000000&#8243; text_font_size=&#8221;17px&#8221; link_font=&#8221;|Proza Libre_weight|||||||&#8221; link_text_color=&#8221;#003566&#8243; quote_font=&#8221;Cormorant Garamond|Cormorant Garamond_weight|||||||&#8221; quote_text_color=&#8221;#0e0c19&#8243; header_font=&#8221;Cormorant Garamond|Cormorant Garamond_weight|||||||&#8221; header_text_color=&#8221;#0e0c19&#8243; header_font_size=&#8221;72px&#8221; header_line_height=&#8221;1.15em&#8221; header_2_font=&#8221;Cormorant Garamond|Cormorant Garamond_weight|||||||&#8221; header_2_text_color=&#8221;#0e0c19&#8243; header_2_font_size=&#8221;50px&#8221; header_2_line_height=&#8221;1.2em&#8221; header_3_font=&#8221;Cormorant Garamond|Cormorant Garamond_weight|||||||&#8221; header_3_text_color=&#8221;#0e0c19&#8243; header_3_font_size=&#8221;32px&#8221; header_3_line_height=&#8221;1.3em&#8221; header_4_font=&#8221;Cormorant Garamond|Cormorant Garamond_weight|||||||&#8221; header_4_text_color=&#8221;#0e0c19&#8243; header_4_font_size=&#8221;24px&#8221; header_4_line_height=&#8221;1.4em&#8221; header_5_font=&#8221;Cormorant Garamond|Cormorant Garamond_weight|||||||&#8221; header_5_text_color=&#8221;#0e0c19&#8243; header_5_font_size=&#8221;18px&#8221; header_5_line_height=&#8221;1.4em&#8221; header_6_font=&#8221;Cormorant Garamond|Cormorant Garamond_weight|||||||&#8221; header_6_text_color=&#8221;#0e0c19&#8243; header_6_line_height=&#8221;1.5em&#8221; custom_margin=&#8221;||||false|false&#8221; text_font_size_tablet=&#8221;15px&#8221; text_font_size_phone=&#8221;14px&#8221; text_font_size_last_edited=&#8221;on|phone&#8221; header_font_size_tablet=&#8221;40px&#8221; header_font_size_phone=&#8221;24px&#8221; header_font_size_last_edited=&#8221;on|desktop&#8221; header_2_font_size_tablet=&#8221;28px&#8221; header_2_font_size_phone=&#8221;20px&#8221; header_2_font_size_last_edited=&#8221;on|phone&#8221; header_3_font_size_tablet=&#8221;22px&#8221; header_3_font_size_phone=&#8221;17px&#8221; header_3_font_size_last_edited=&#8221;on|phone&#8221; header_4_font_size_tablet=&#8221;18px&#8221; header_4_font_size_phone=&#8221;15px&#8221; header_4_font_size_last_edited=&#8221;on|tablet&#8221; header_5_font_size_tablet=&#8221;15px&#8221; header_5_font_size_phone=&#8221;14px&#8221; header_5_font_size_last_edited=&#8221;on|desktop&#8221; header_6_font_size_tablet=&#8221;13px&#8221; header_6_font_size_phone=&#8221;13px&#8221; header_6_font_size_last_edited=&#8221;on|desktop&#8221; locked=&#8221;off&#8221; global_colors_info=&#8221;{}&#8221;]<\/p>\n<p>Utforska v\u00e5rt engagemang f\u00f6r att skydda dina personuppgifter och f\u00f6rst\u00e5 dina r\u00e4ttigheter enligt v\u00e5r dataskyddspolicy.<\/p>\n<p>[\/et_pb_text][et_pb_button button_url=&#8221;#more&#8221; button_text=&#8221;Read More&#8221; button_alignment=&#8221;left&#8221; _builder_version=&#8221;4.25.1&#8243; _module_preset=&#8221;default&#8221; button_text_size=&#8221;14px&#8221; button_bg_color=&#8221;#4EA01B&#8221; button_border_width=&#8221;0px&#8221; button_border_radius=&#8221;100px&#8221; button_letter_spacing=&#8221;1px&#8221; button_font=&#8221;Oxygen|700|||||||&#8221; custom_padding=&#8221;12px|24px|12px|24px|true|true&#8221; locked=&#8221;off&#8221; global_colors_info=&#8221;{}&#8221; custom_padding__hover_enabled=&#8221;off|desktop&#8221; custom_padding__hover=&#8221;|28px||20px|true|false&#8221;][\/et_pb_button][\/et_pb_column][et_pb_column type=&#8221;1_2&#8243; _builder_version=&#8221;4.25.0&#8243; _module_preset=&#8221;default&#8221; global_colors_info=&#8221;{}&#8221;][et_pb_image src=&#8221;https:\/\/pannoniahem.se\/wp-content\/uploads\/2024\/03\/S6301724-scaled.jpg&#8221; title_text=&#8221;S6301724&#8243; _builder_version=&#8221;4.25.1&#8243; _module_preset=&#8221;default&#8221; custom_margin=&#8221;|-10vw|||false|false&#8221; custom_margin_tablet=&#8221;|0vw|||false|false&#8221; custom_margin_phone=&#8221;|0vw|||false|false&#8221; custom_margin_last_edited=&#8221;on|tablet&#8221; animation_style=&#8221;slide&#8221; animation_direction=&#8221;right&#8221; animation_intensity_slide=&#8221;7%&#8221; border_radii=&#8221;on|6px|6px|6px|6px&#8221; box_shadow_style=&#8221;preset2&#8243; box_shadow_blur=&#8221;16px&#8221; box_shadow_color=&#8221;rgba(0,0,0,0.09)&#8221; locked=&#8221;off&#8221; global_colors_info=&#8221;{}&#8221;][\/et_pb_image][\/et_pb_column][\/et_pb_row][\/et_pb_section][et_pb_section fb_built=&#8221;1&#8243; admin_label=&#8221;Text&#8221; _builder_version=&#8221;4.25.1&#8243; _module_preset=&#8221;default&#8221; use_background_color_gradient=&#8221;off&#8221; custom_margin=&#8221;||||false|false&#8221; custom_padding=&#8221;||||false|false&#8221; locked=&#8221;off&#8221; collapsed=&#8221;on&#8221; global_colors_info=&#8221;{}&#8221;][et_pb_row module_id=&#8221;more&#8221; _builder_version=&#8221;4.25.0&#8243; _module_preset=&#8221;default&#8221; width=&#8221;90%&#8221; max_width=&#8221;100%&#8221; custom_padding=&#8221;0px|||||&#8221; global_colors_info=&#8221;{}&#8221;][et_pb_column type=&#8221;4_4&#8243; _builder_version=&#8221;4.16.1&#8243; _module_preset=&#8221;default&#8221; global_colors_info=&#8221;{}&#8221;][et_pb_heading title=&#8221;Personuppgiftspolicy&#8221; _builder_version=&#8221;4.25.1&#8243; _module_preset=&#8221;default&#8221; title_level=&#8221;h2&#8243; title_font=&#8221;Oxygen|700|||||||&#8221; title_text_color=&#8221;gcid-bcf59a58-72c0-4031-b9fc-63497bd5a763&#8243; title_line_height=&#8221;1.3em&#8221; custom_margin=&#8221;||17px|||&#8221; global_colors_info=&#8221;{%22gcid-bcf59a58-72c0-4031-b9fc-63497bd5a763%22:%91%22title_text_color%22%93}&#8221;][\/et_pb_heading][et_pb_text _builder_version=&#8221;4.25.1&#8243; _module_preset=&#8221;default&#8221; text_font=&#8221;Oxygen||||||||&#8221; text_text_color=&#8221;#1C1C1C&#8221; text_font_size=&#8221;17px&#8221; text_line_height=&#8221;1.6em&#8221; global_colors_info=&#8221;{}&#8221;]Din integritet \u00e4r viktig f\u00f6r oss och vi ansvarar f\u00f6r den personliga information som du f\u00f6rser oss med. Denna policy beskriver hur vi behandlar, lagrar och hanterar dina personuppgifter dels n\u00e4r du \u00e4r kund hos oss, dels n\u00e4r du s\u00f6ker arbete hos oss.<\/p>\n<p>Den beskriver ocks\u00e5 dina r\u00e4ttigheter och hur du kan g\u00f6ra dem g\u00e4llande. Det \u00e4r viktigt att du tar del av och f\u00f6rst\u00e5r integritetspolicyn och k\u00e4nner dig trygg i v\u00e5r behandling av dina personuppgifter.[\/et_pb_text][\/et_pb_column][\/et_pb_row][et_pb_row module_id=&#8221;more&#8221; _builder_version=&#8221;4.25.0&#8243; _module_preset=&#8221;default&#8221; width=&#8221;90%&#8221; max_width=&#8221;100%&#8221; custom_padding=&#8221;0px|||||&#8221; global_colors_info=&#8221;{}&#8221;][et_pb_column type=&#8221;4_4&#8243; _builder_version=&#8221;4.16.1&#8243; _module_preset=&#8221;default&#8221; global_colors_info=&#8221;{}&#8221;][et_pb_heading title=&#8221;Ansvarig f\u00f6r hantering av personuppgifter&#8221; _builder_version=&#8221;4.25.1&#8243; _module_preset=&#8221;default&#8221; title_level=&#8221;h2&#8243; title_font=&#8221;Oxygen|700|||||||&#8221; title_text_color=&#8221;gcid-bcf59a58-72c0-4031-b9fc-63497bd5a763&#8243; title_line_height=&#8221;1.3em&#8221; custom_margin=&#8221;||17px|||&#8221; global_colors_info=&#8221;{%22gcid-bcf59a58-72c0-4031-b9fc-63497bd5a763%22:%91%22title_text_color%22%93}&#8221;][\/et_pb_heading][et_pb_text _builder_version=&#8221;4.25.1&#8243; _module_preset=&#8221;default&#8221; text_font=&#8221;Oxygen||||||||&#8221; text_text_color=&#8221;#1C1C1C&#8221; text_font_size=&#8221;17px&#8221; text_line_height=&#8221;1.6em&#8221; global_colors_info=&#8221;{}&#8221;]Pannonia hem AB \u00e4r personuppgiftsansvarig f\u00f6r den behandling av personuppgifter som beskrivs i den h\u00e4r policyn.<\/p>\n<p>Om du har n\u00e5gra fr\u00e5gor eller vill \u00e5beropa n\u00e5gon av dina r\u00e4ttigheter s\u00e5 n\u00e5r du oss p\u00e5:<\/p>\n<p>E-post: kontakt@pannoniahem.se<br \/>\nBes\u00f6ksadress: Gr\u00f6ndalsv\u00e4gen 148, 117 68 Stockholm<br \/>\nPostadress: Gr\u00f6ndalsv\u00e4gen 148, 117 68 Stockholm<br \/>\nTelefonnummer: +46-73-9235698[\/et_pb_text][\/et_pb_column][\/et_pb_row][et_pb_row module_id=&#8221;more&#8221; _builder_version=&#8221;4.25.0&#8243; _module_preset=&#8221;default&#8221; width=&#8221;90%&#8221; max_width=&#8221;100%&#8221; custom_padding=&#8221;0px|||||&#8221; global_colors_info=&#8221;{}&#8221;][et_pb_column type=&#8221;4_4&#8243; _builder_version=&#8221;4.16.1&#8243; _module_preset=&#8221;default&#8221; global_colors_info=&#8221;{}&#8221;][et_pb_heading title=&#8221;Hur f\u00e5r vi tillg\u00e5ng till personuppgifterna?&#8221; _builder_version=&#8221;4.25.1&#8243; _module_preset=&#8221;default&#8221; title_level=&#8221;h2&#8243; title_font=&#8221;Oxygen|700|||||||&#8221; title_text_color=&#8221;gcid-bcf59a58-72c0-4031-b9fc-63497bd5a763&#8243; title_line_height=&#8221;1.3em&#8221; custom_margin=&#8221;||17px|||&#8221; global_colors_info=&#8221;{%22gcid-bcf59a58-72c0-4031-b9fc-63497bd5a763%22:%91%22title_text_color%22%93}&#8221;][\/et_pb_heading][et_pb_text _builder_version=&#8221;4.25.1&#8243; _module_preset=&#8221;default&#8221; text_font=&#8221;Oxygen||||||||&#8221; text_text_color=&#8221;#1C1C1C&#8221; text_font_size=&#8221;17px&#8221; text_line_height=&#8221;1.6em&#8221; global_colors_info=&#8221;{}&#8221;]Ut\u00f6ver de uppgifter du sj\u00e4lv l\u00e4mnar till oss, eller som vi samlar in fr\u00e5n dig i samband med att du blir kund hos oss, kontaktar oss eller s\u00f6ker anst\u00e4llning hos oss, kan vi ocks\u00e5 komma att samla in personuppgifter fr\u00e5n n\u00e5gon annan, s\u00e5 kallad tredje part. De uppgifter vi samlar in fr\u00e5n tredje part \u00e4r f\u00f6ljande:<\/p>\n<p>Adressuppgifter fr\u00e5n offentliga register f\u00f6r att vara s\u00e4kra p\u00e5 att vi har r\u00e4tt adressuppgifter till dig.<br \/>\nUppgifter om kreditv\u00e4rdighet fr\u00e5n kreditv\u00e4rderingsinstitut, banker eller upplysningsf\u00f6retag.<br \/>\nVilka personuppgifter behandlar vi?<br \/>\nF\u00f6ljande kategorier av personuppgifter kan vi komma att behandla:<\/p>\n<p>Kontaktuppgifter s\u00e5som namn, adress, e-postadress, telefonnummer<br \/>\nIdentitetsuppgifter s\u00e5som personnummer, organisationsnummer<br \/>\nEkonomiska uppgifter s\u00e5som bankkontonummer och andra bankrelaterade uppgifter<br \/>\nArbetsrelaterade uppgifter s\u00e5som anst\u00e4llningsuppgifter, ans\u00f6kningar, CV, personligt brev[\/et_pb_text][\/et_pb_column][\/et_pb_row][et_pb_row module_id=&#8221;more&#8221; _builder_version=&#8221;4.25.0&#8243; _module_preset=&#8221;default&#8221; width=&#8221;90%&#8221; max_width=&#8221;100%&#8221; custom_padding=&#8221;0px|||||&#8221; global_colors_info=&#8221;{}&#8221;][et_pb_column type=&#8221;4_4&#8243; _builder_version=&#8221;4.16.1&#8243; _module_preset=&#8221;default&#8221; global_colors_info=&#8221;{}&#8221;][et_pb_heading title=&#8221;Hur behandlar vi dina personuppgifter?&#8221; _builder_version=&#8221;4.25.1&#8243; _module_preset=&#8221;default&#8221; title_level=&#8221;h2&#8243; title_font=&#8221;Oxygen|700|||||||&#8221; title_text_color=&#8221;gcid-bcf59a58-72c0-4031-b9fc-63497bd5a763&#8243; title_line_height=&#8221;1.3em&#8221; custom_margin=&#8221;||17px|||&#8221; global_colors_info=&#8221;{%22gcid-bcf59a58-72c0-4031-b9fc-63497bd5a763%22:%91%22title_text_color%22%93}&#8221;][\/et_pb_heading][et_pb_text _builder_version=&#8221;4.25.1&#8243; _module_preset=&#8221;default&#8221; text_font=&#8221;Oxygen||||||||&#8221; text_text_color=&#8221;#1C1C1C&#8221; text_font_size=&#8221;17px&#8221; text_line_height=&#8221;1.6em&#8221; global_colors_info=&#8221;{}&#8221;]<\/p>\n<p>Vi behandlar dina personuppgifter fr\u00e4mst f\u00f6r att fullf\u00f6lja v\u00e5ra f\u00f6rpliktelser mot dig. V\u00e5r utg\u00e5ngspunkt \u00e4r att inte behandla fler personuppgifter \u00e4n vad som beh\u00f6vs f\u00f6r \u00e4ndam\u00e5let, och vi str\u00e4var alltid efter att anv\u00e4nda de minst integritetsk\u00e4nsliga uppgifterna.<\/p>\n<p>Nedan f\u00f6ljer information om vilka personuppgiftbehandlingar som finns.<\/p>\n<p><strong>Tillhandah\u00e5lla och fullg\u00f6ra avtal om tj\u00e4nster\/varor<\/strong><\/p>\n<p>Vi behandlar personuppgifter f\u00f6r att kunna fullg\u00f6ra v\u00e5rt avtal och tillhandah\u00e5lla tj\u00e4nster\/varor till dig. Vi behandlar personuppgifter f\u00f6r v\u00e5r administration och fakturering av tj\u00e4nsterna\/varorna, f\u00f6r kreditupplysnings\u00e4ndam\u00e5l, f\u00f6r att hantera klagom\u00e5l och reklamationer, f\u00f6r att hj\u00e4lpa dig vid fr\u00e5gor om din tj\u00e4nst\/vara n\u00e4r du kontaktar v\u00e5r kundservice samt i \u00f6vrigt f\u00f6r att tillvarata v\u00e5ra r\u00e4ttigheter och fullg\u00f6ra v\u00e5ra skyldigheter enligt v\u00e5rt avtal med dig. Personuppgifter vi hanterar i denna behandling \u00e4r kontaktuppgifter, identitetsrelaterade personuppgifter samt ekonomiska personuppgifter.<\/p>\n<p><strong>Bokf\u00f6ring<\/strong><\/p>\n<p>Vi behandlar dina personuppgifter i syfte att kunna fullg\u00f6ra de lagstadgade skyldigheter som \u00e5vilar oss, t ex bokf\u00f6ringslagens krav p\u00e5 arkivering av r\u00e4kenskapsmaterial. Personuppgifter vi hanterar i denna behandling \u00e4r kontaktuppgifter, identitetsrelaterade personuppgifter samt ekonomiska personuppgifter.<\/p>\n<p><strong>Marknadsf\u00f6ring<\/strong><\/p>\n<p>Vi behandlar personuppgifter f\u00f6r att m\u00f6jligg\u00f6ra marknadsf\u00f6ring av varor\/tj\u00e4nster till dig och att m\u00f6jligg\u00f6ra utskick av nyhetsbrev f\u00f6r de tj\u00e4nster\/varor du \u00e4r intresserad av generellt samt information om f\u00f6retaget. Vidare \u00e4ven att m\u00f6jligg\u00f6ra inbjudan till evenemang inom omr\u00e5det f\u00f6r ditt intresse. Personuppgifter vi hanterar i denna behandling \u00e4r kontaktuppgifter.<\/p>\n<p><strong>Inf\u00f6r anst\u00e4llning<\/strong><\/p>\n<p>Vi behandlar dina personuppgifter i samband med att du s\u00f6ker lediga tj\u00e4nster eller anm\u00e4ler ditt intresse f\u00f6r anst\u00e4llning hos oss. Bolaget behandlar dina personuppgifter f\u00f6r att bed\u00f6ma din ans\u00f6kan och genomf\u00f6ra rekryteringsprocessen. Personuppgifter vi hanterar i denna behandling \u00e4r kontaktuppgifter och identitetsrelaterade personuppgifter.<\/p>\n<p>[\/et_pb_text][\/et_pb_column][\/et_pb_row][et_pb_row module_id=&#8221;more&#8221; _builder_version=&#8221;4.25.0&#8243; _module_preset=&#8221;default&#8221; width=&#8221;90%&#8221; max_width=&#8221;100%&#8221; custom_padding=&#8221;0px|||||&#8221; global_colors_info=&#8221;{}&#8221;][et_pb_column type=&#8221;4_4&#8243; _builder_version=&#8221;4.16.1&#8243; _module_preset=&#8221;default&#8221; global_colors_info=&#8221;{}&#8221;][et_pb_heading title=&#8221;Vilken r\u00e4ttslig grund har vi f\u00f6r v\u00e5ra personuppgiftsbehandlingar?&#8221; _builder_version=&#8221;4.25.1&#8243; _module_preset=&#8221;default&#8221; title_level=&#8221;h2&#8243; title_font=&#8221;Oxygen|700|||||||&#8221; title_text_color=&#8221;gcid-bcf59a58-72c0-4031-b9fc-63497bd5a763&#8243; title_line_height=&#8221;1.3em&#8221; custom_margin=&#8221;||17px|||&#8221; global_colors_info=&#8221;{%22gcid-bcf59a58-72c0-4031-b9fc-63497bd5a763%22:%91%22title_text_color%22%93}&#8221;][\/et_pb_heading][et_pb_text _builder_version=&#8221;4.25.1&#8243; _module_preset=&#8221;default&#8221; text_font=&#8221;Oxygen||||||||&#8221; text_text_color=&#8221;#1C1C1C&#8221; text_font_size=&#8221;17px&#8221; text_line_height=&#8221;1.6em&#8221; global_colors_info=&#8221;{}&#8221;]<\/p>\n<p>Vi behandlar dina personuppgifter f\u00f6r att kunna administrera och tillhandah\u00e5lla avtalad tj\u00e4nst\/vara. N\u00e4r det g\u00e4ller personuppgiftsbehandling f\u00f6r att fullg\u00f6ra krav som exempelvis bokf\u00f6ringslagen eller skattelagstiftningen \u00e4r den r\u00e4ttsliga grunden f\u00f6r behandling r\u00e4ttslig f\u00f6rpliktelse.<\/p>\n<p>F\u00f6r behandlingarna marknadsf\u00f6ring och inf\u00f6r anst\u00e4llning \u00e4r den r\u00e4ttsliga grunden v\u00e5rt ber\u00e4ttigade intresse. Detta inneb\u00e4r att vi anser att v\u00e5ra intressen att behandla dina personuppgifter f\u00f6r dessa \u00e4ndam\u00e5l som listas ovan \u00f6verv\u00e4ger det integritetsintr\u00e5ng som du uts\u00e4tts f\u00f6r med anledning av behandlingen. Denna bed\u00f6mning har gjorts s\u00e4rskilt med beaktande av att vi anser att behandlingen kommer att vara f\u00f6rdelaktig f\u00f6r dig.<br \/>N\u00e4r det g\u00e4ller personuppgifter som relaterar till ans\u00f6kningar om anst\u00e4llning, d\u00e4r det inte finns n\u00e5gon p\u00e5g\u00e5ende eller avslutad rekryteringsprocess, kommer vi bara att beh\u00e5lla dina uppgifter <span style=\"color: #ff0000;\">f\u00f6r eventuella framtida rekryteringsbehov om du uttryckligen samtycker till det<\/span>.<\/p>\n<p>[\/et_pb_text][\/et_pb_column][\/et_pb_row][et_pb_row module_id=&#8221;more&#8221; _builder_version=&#8221;4.25.0&#8243; _module_preset=&#8221;default&#8221; width=&#8221;90%&#8221; max_width=&#8221;100%&#8221; custom_padding=&#8221;0px|||||&#8221; global_colors_info=&#8221;{}&#8221;][et_pb_column type=&#8221;4_4&#8243; _builder_version=&#8221;4.16.1&#8243; _module_preset=&#8221;default&#8221; global_colors_info=&#8221;{}&#8221;][et_pb_heading title=&#8221;Hur l\u00e4nge lagrar vi dina personuppgifter?&#8221; _builder_version=&#8221;4.25.1&#8243; _module_preset=&#8221;default&#8221; title_level=&#8221;h2&#8243; title_font=&#8221;Oxygen|700|||||||&#8221; title_text_color=&#8221;gcid-bcf59a58-72c0-4031-b9fc-63497bd5a763&#8243; title_line_height=&#8221;1.3em&#8221; custom_margin=&#8221;||17px|||&#8221; global_colors_info=&#8221;{%22gcid-bcf59a58-72c0-4031-b9fc-63497bd5a763%22:%91%22title_text_color%22%93}&#8221;][\/et_pb_heading][et_pb_text _builder_version=&#8221;4.25.1&#8243; _module_preset=&#8221;default&#8221; text_font=&#8221;Oxygen||||||||&#8221; text_text_color=&#8221;#1C1C1C&#8221; text_font_size=&#8221;17px&#8221; text_line_height=&#8221;1.6em&#8221; global_colors_info=&#8221;{}&#8221;]Vi sparar dina personuppgifter s\u00e5 l\u00e4nge du \u00e4r kund hos oss och upp till 12 m\u00e5nader efter det. Vissa uppgifter kan dock beh\u00e5llas under en l\u00e4ngre tid f\u00f6r att uppfylla krav enligt bokf\u00f6ringslagen och skattelagstiftningen. N\u00e4r \u00e4ndam\u00e5len med behandlingen \u00e4r uppfyllda och lagringsperioden l\u00f6pt ut, raderas eller anonymiseras dina personuppgifter p\u00e5 ett s\u00e4kert s\u00e4tt s\u00e5 att de inte l\u00e4ngre kan kopplas till dig.[\/et_pb_text][\/et_pb_column][\/et_pb_row][et_pb_row module_id=&#8221;more&#8221; _builder_version=&#8221;4.25.0&#8243; _module_preset=&#8221;default&#8221; width=&#8221;90%&#8221; max_width=&#8221;100%&#8221; custom_padding=&#8221;0px|||||&#8221; global_colors_info=&#8221;{}&#8221;][et_pb_column type=&#8221;4_4&#8243; _builder_version=&#8221;4.16.1&#8243; _module_preset=&#8221;default&#8221; global_colors_info=&#8221;{}&#8221;][et_pb_heading title=&#8221;Vilka delar vi personuppgifter med?&#8221; _builder_version=&#8221;4.25.1&#8243; _module_preset=&#8221;default&#8221; title_level=&#8221;h2&#8243; title_font=&#8221;Oxygen|700|||||||&#8221; title_text_color=&#8221;gcid-bcf59a58-72c0-4031-b9fc-63497bd5a763&#8243; title_line_height=&#8221;1.3em&#8221; custom_margin=&#8221;||17px|||&#8221; global_colors_info=&#8221;{%22gcid-bcf59a58-72c0-4031-b9fc-63497bd5a763%22:%91%22title_text_color%22%93}&#8221;][\/et_pb_heading][et_pb_text _builder_version=&#8221;4.25.1&#8243; _module_preset=&#8221;default&#8221; text_font=&#8221;Oxygen||||||||&#8221; text_text_color=&#8221;#1C1C1C&#8221; text_font_size=&#8221;17px&#8221; text_line_height=&#8221;1.6em&#8221; global_colors_info=&#8221;{}&#8221;]<\/p>\n<p>V\u00e5r princip \u00e4r att inte dela registrerades personuppgifter med tredje part utan ditt samtycke eller om det kr\u00e4vs f\u00f6r att uppfylla v\u00e5ra avtalsenliga eller lagliga skyldigheter. Om vi delar personuppgifter med tredje part ser vi till att de behandlas p\u00e5 ett s\u00e4kert s\u00e4tt.<\/p>\n<p><strong>Tj\u00e4nsteleverant\u00f6rer<\/strong><br \/>F\u00f6r att uppfylla v\u00e5ra \u00e5taganden och krav som f\u00f6retag kan vi dela personuppgifter med f\u00f6retag som tillhandah\u00e5ller tj\u00e4nster \u00e5t oss. Dessa f\u00f6retag m\u00e5ste f\u00f6lja de instruktioner och avtal vi har med dem och f\u00e5r inte anv\u00e4nda dina uppgifter f\u00f6r egna syften. De \u00e4r ocks\u00e5 skyldiga enligt lag och avtal att skydda dina personuppgifter. Vi kr\u00e4ver godk\u00e4nnande fr\u00e5n oss om de vill dela dina uppgifter med tredje part.<\/p>\n<p><strong>Myndigheter<\/strong><br \/>Om det kr\u00e4vs enligt lag kan vi l\u00e4mna ut n\u00f6dv\u00e4ndig information till myndigheter. Denna information kan inkludera dina personuppgifter. Vid juridiska tvister kan det ocks\u00e5 vara n\u00f6dv\u00e4ndigt att \u00f6verf\u00f6ra information som kan inneh\u00e5lla personuppgifter till andra parter inblandade i tvisten.<\/p>\n<p>[\/et_pb_text][\/et_pb_column][\/et_pb_row][et_pb_row module_id=&#8221;more&#8221; _builder_version=&#8221;4.25.0&#8243; _module_preset=&#8221;default&#8221; width=&#8221;90%&#8221; max_width=&#8221;100%&#8221; custom_padding=&#8221;0px|||||&#8221; global_colors_info=&#8221;{}&#8221;][et_pb_column type=&#8221;4_4&#8243; _builder_version=&#8221;4.16.1&#8243; _module_preset=&#8221;default&#8221; global_colors_info=&#8221;{}&#8221;][et_pb_heading title=&#8221;Hur skyddas dina personuppgifter?&#8221; _builder_version=&#8221;4.25.1&#8243; _module_preset=&#8221;default&#8221; title_level=&#8221;h2&#8243; title_font=&#8221;Oxygen|700|||||||&#8221; title_text_color=&#8221;gcid-bcf59a58-72c0-4031-b9fc-63497bd5a763&#8243; title_line_height=&#8221;1.3em&#8221; custom_margin=&#8221;||17px|||&#8221; global_colors_info=&#8221;{%22gcid-bcf59a58-72c0-4031-b9fc-63497bd5a763%22:%91%22title_text_color%22%93}&#8221;][\/et_pb_heading][et_pb_text _builder_version=&#8221;4.25.1&#8243; _module_preset=&#8221;default&#8221; text_font=&#8221;Oxygen||||||||&#8221; text_text_color=&#8221;#1C1C1C&#8221; text_font_size=&#8221;17px&#8221; text_line_height=&#8221;1.6em&#8221; global_colors_info=&#8221;{}&#8221;]Vi anv\u00e4nder en kombination av tekniska och organisatoriska \u00e5tg\u00e4rder f\u00f6r att skydda dina personuppgifter mot obeh\u00f6rig \u00e5tkomst eller missbruk. Endast de personer som beh\u00f6ver hantera dina uppgifter f\u00f6r sina arbetsuppgifter har tillg\u00e5ng till dem. Vi utvecklar och f\u00f6ljer rutiner f\u00f6r att s\u00e4kerst\u00e4lla att dina personuppgifter hanteras p\u00e5 ett s\u00e4kert s\u00e4tt.[\/et_pb_text][\/et_pb_column][\/et_pb_row][et_pb_row module_id=&#8221;more&#8221; _builder_version=&#8221;4.25.0&#8243; _module_preset=&#8221;default&#8221; width=&#8221;90%&#8221; max_width=&#8221;100%&#8221; custom_padding=&#8221;0px|||||&#8221; global_colors_info=&#8221;{}&#8221;][et_pb_column type=&#8221;4_4&#8243; _builder_version=&#8221;4.16.1&#8243; _module_preset=&#8221;default&#8221; global_colors_info=&#8221;{}&#8221;][et_pb_heading title=&#8221;Dina r\u00e4ttigheter&#8221; _builder_version=&#8221;4.25.1&#8243; _module_preset=&#8221;default&#8221; title_level=&#8221;h2&#8243; title_font=&#8221;Oxygen|700|||||||&#8221; title_text_color=&#8221;gcid-bcf59a58-72c0-4031-b9fc-63497bd5a763&#8243; title_line_height=&#8221;1.3em&#8221; custom_margin=&#8221;||17px|||&#8221; global_colors_info=&#8221;{%22gcid-bcf59a58-72c0-4031-b9fc-63497bd5a763%22:%91%22title_text_color%22%93}&#8221;][\/et_pb_heading][et_pb_text _builder_version=&#8221;4.25.1&#8243; _module_preset=&#8221;default&#8221; text_font=&#8221;Oxygen||||||||&#8221; text_text_color=&#8221;#1C1C1C&#8221; text_font_size=&#8221;17px&#8221; text_line_height=&#8221;1.6em&#8221; global_colors_info=&#8221;{}&#8221;]<\/p>\n<p><strong>Som registrerad hos oss har du f\u00f6ljande r\u00e4ttigheter:<\/strong><\/p>\n<p>Du har r\u00e4tt att beg\u00e4ra en kopia av de personuppgifter vi har om dig.<br \/>Du har r\u00e4tt att beg\u00e4ra att felaktiga eller ofullst\u00e4ndiga uppgifter r\u00e4ttas.<br \/><strong>Du har r\u00e4tt att beg\u00e4ra att dina personuppgifter raderas under vissa omst\u00e4ndigheter, s\u00e5som om de inte l\u00e4ngre beh\u00f6vs f\u00f6r det syfte de samlades in f\u00f6r.<\/strong><br \/>Du har r\u00e4tt till dataportabilitet under vissa f\u00f6ruts\u00e4ttningar.<br \/>Du har r\u00e4tt att beg\u00e4ra att behandlingen av dina personuppgifter begr\u00e4nsas under vissa omst\u00e4ndigheter.<br \/>Du har r\u00e4tt att inv\u00e4nda mot viss anv\u00e4ndning av dina personuppgifter, inklusive direkt marknadsf\u00f6ring.<br \/>Observera att vissa lagliga skyldigheter kan g\u00f6ra det n\u00f6dv\u00e4ndigt f\u00f6r oss att beh\u00e5lla vissa uppgifter trots dina beg\u00e4randen.<\/p>\n<p>[\/et_pb_text][\/et_pb_column][\/et_pb_row][et_pb_row module_id=&#8221;more&#8221; _builder_version=&#8221;4.25.0&#8243; _module_preset=&#8221;default&#8221; width=&#8221;90%&#8221; max_width=&#8221;100%&#8221; custom_padding=&#8221;0px|||||&#8221; global_colors_info=&#8221;{}&#8221;][et_pb_column type=&#8221;4_4&#8243; _builder_version=&#8221;4.16.1&#8243; _module_preset=&#8221;default&#8221; global_colors_info=&#8221;{}&#8221;][et_pb_heading title=&#8221;S\u00e4rskilt ang\u00e5ende cookies&#8221; _builder_version=&#8221;4.25.1&#8243; _module_preset=&#8221;default&#8221; title_level=&#8221;h2&#8243; title_font=&#8221;Oxygen|700|||||||&#8221; title_text_color=&#8221;gcid-bcf59a58-72c0-4031-b9fc-63497bd5a763&#8243; title_line_height=&#8221;1.3em&#8221; custom_margin=&#8221;||17px|||&#8221; global_colors_info=&#8221;{%22gcid-bcf59a58-72c0-4031-b9fc-63497bd5a763%22:%91%22title_text_color%22%93}&#8221;][\/et_pb_heading][et_pb_text _builder_version=&#8221;4.25.1&#8243; _module_preset=&#8221;default&#8221; text_font=&#8221;Oxygen||||||||&#8221; text_text_color=&#8221;#1C1C1C&#8221; text_font_size=&#8221;17px&#8221; text_line_height=&#8221;1.6em&#8221; ul_line_height=&#8221;1.8em&#8221; global_colors_info=&#8221;{}&#8221;]En cookie \u00e4r en liten textbaserad datafil som en webbserver ber om att f\u00e5 spara i din webbl\u00e4sare. Genom att normalt skicka tillbaka inneh\u00e5llet i cookien med varje f\u00f6rfr\u00e5gan till den aktuella webbplatsen kan servern h\u00e5lla reda p\u00e5 bes\u00f6karens preferenser, beteende eller identitet (om den \u00e4r k\u00e4nd). P\u00e5 v\u00e5r webbsida anv\u00e4nder vi f\u00f6ljande typer av cookies:<\/p>\n<ul>\n<li>Sessionscookies (tillf\u00e4lliga cookies som upph\u00f6r n\u00e4r du st\u00e4nger din webbl\u00e4sare eller enhet).<\/li>\n<li>Varaktiga cookies (cookies som f\u00f6rblir p\u00e5 din dator tills du tar bort dem eller de g\u00e5r ut).<\/li>\n<li>Tredjepartscookies (cookies som s\u00e4tts av en tredjeparts webbplats, huvudsakligen f\u00f6r analyser som Google Analytics).<\/li>\n<\/ul>\n<p>Syftet med de cookies vi anv\u00e4nder \u00e4r att f\u00f6rb\u00e4ttra de tj\u00e4nster vi erbjuder. Cookies bidrar till att webbsidan f\u00e5r b\u00e4ttre funktionalitet och underl\u00e4ttar f\u00f6r dig som anv\u00e4ndare. Vi anv\u00e4nder ocks\u00e5 cookies f\u00f6r att samla in och analysera beteendedata baserat p\u00e5 din anv\u00e4ndning av webbplatsen och tj\u00e4nster, med avsikt att f\u00f6rb\u00e4ttra anv\u00e4ndarupplevelsen och m\u00f6jligg\u00f6ra individanpassad kommunikation och budskap till dig som anv\u00e4ndare. Dessutom anv\u00e4nder vi cookies f\u00f6r att kunna rikta relevant marknadsf\u00f6ring till dig.[\/et_pb_text][\/et_pb_column][\/et_pb_row][et_pb_row module_id=&#8221;more&#8221; _builder_version=&#8221;4.25.0&#8243; _module_preset=&#8221;default&#8221; width=&#8221;90%&#8221; max_width=&#8221;100%&#8221; custom_padding=&#8221;0px|||||&#8221; global_colors_info=&#8221;{}&#8221;][et_pb_column type=&#8221;4_4&#8243; _builder_version=&#8221;4.16.1&#8243; _module_preset=&#8221;default&#8221; global_colors_info=&#8221;{}&#8221;][et_pb_heading title=&#8221;Hur kan du hantera cookies?&#8221; _builder_version=&#8221;4.25.1&#8243; _module_preset=&#8221;default&#8221; title_level=&#8221;h2&#8243; title_font=&#8221;Oxygen|700|||||||&#8221; title_text_color=&#8221;gcid-bcf59a58-72c0-4031-b9fc-63497bd5a763&#8243; title_line_height=&#8221;1.3em&#8221; custom_margin=&#8221;||17px|||&#8221; global_colors_info=&#8221;{%22gcid-bcf59a58-72c0-4031-b9fc-63497bd5a763%22:%91%22title_text_color%22%93}&#8221;][\/et_pb_heading][et_pb_text _builder_version=&#8221;4.25.1&#8243; _module_preset=&#8221;default&#8221; text_font=&#8221;Oxygen||||||||&#8221; text_text_color=&#8221;#1C1C1C&#8221; text_font_size=&#8221;17px&#8221; text_line_height=&#8221;1.6em&#8221; ul_line_height=&#8221;1.8em&#8221; global_colors_info=&#8221;{}&#8221;]<\/p>\n<p>Du kan n\u00e4r som helst justera inst\u00e4llningarna f\u00f6r anv\u00e4ndningen och omfattningen av cookies i din webbl\u00e4sare. Det inneb\u00e4r att du kan v\u00e4lja att blockera samtliga cookies, acceptera endast vissa cookies eller radera cookies n\u00e4r du st\u00e4nger din webbl\u00e4sare. Att blockera eller radera cookies kan dock inneb\u00e4ra att vissa tj\u00e4nster inte kan anv\u00e4ndas eller att webbplatsen inte fungerar korrekt i alla avseenden.<\/p>\n<p>[\/et_pb_text][\/et_pb_column][\/et_pb_row][\/et_pb_section][et_pb_section fb_built=&#8221;1&#8243; admin_label=&#8221;Call to Action&#8221; _builder_version=&#8221;4.25.1&#8243; _module_preset=&#8221;default&#8221; background_color_gradient_stops=&#8221;rgba(0,0,0,0.75) 0%|rgba(0,0,0,0.75) 100%&#8221; background_color_gradient_overlays_image=&#8221;on&#8221; background_image=&#8221;https:\/\/pannoniahem.se\/wp-content\/uploads\/2024\/05\/shutterstock_2169261115-1024&#215;856-1.jpg&#8221; parallax=&#8221;on&#8221; parallax_method=&#8221;off&#8221; custom_padding=&#8221;5vw||5vw||true|false&#8221; hover_enabled=&#8221;0&#8243; locked=&#8221;off&#8221; collapsed=&#8221;on&#8221; global_colors_info=&#8221;{%22gcid-36fd78a7-34bc-404d-873c-dafa34efaae5%22:%91%22background_color%22%93}&#8221; title_text=&#8221;Happy,Active,Senior,Couple,Having,Fun,Outdoors.,Portrait,Of,An&#8221; sticky_enabled=&#8221;0&#8243;][et_pb_row _builder_version=&#8221;4.24.3&#8243; _module_preset=&#8221;default&#8221; locked=&#8221;off&#8221; global_colors_info=&#8221;{}&#8221;][et_pb_column type=&#8221;4_4&#8243; _builder_version=&#8221;4.18.0&#8243; _module_preset=&#8221;default&#8221; global_colors_info=&#8221;{}&#8221;][et_pb_cta title=&#8221;Beh\u00f6ver du hj\u00e4lp med v\u00e5ra sekretesspraxis?&#8221; button_url=&#8221;\/kontakta-oss\/&#8221; button_text=&#8221;Kontakta oss idag&#8221; _builder_version=&#8221;4.25.1&#8243; _module_preset=&#8221;default&#8221; header_font=&#8221;&#8211;et_global_heading_font|Cormorant Garamond_weight|||||||&#8221; header_text_color=&#8221;#0e0c19&#8243; header_font_size=&#8221;40px&#8221; header_line_height=&#8221;1.2em&#8221; body_font=&#8221;&#8211;et_global_body_font||||||||&#8221; body_text_color=&#8221;#1C1C1C&#8221; body_line_height=&#8221;1.8em&#8221; background_color=&#8221;#FFFFFF&#8221; custom_button=&#8221;on&#8221; button_text_size=&#8221;14px&#8221; button_text_color=&#8221;#FFFFFF&#8221; button_bg_color=&#8221;gcid-bcf59a58-72c0-4031-b9fc-63497bd5a763&#8243; button_border_width=&#8221;0px&#8221; button_border_radius=&#8221;100px&#8221; button_font=&#8221;Proza Libre|700|||||||&#8221; button_custom_padding=&#8221;12px|24px|12px|24px|true|true&#8221; background_layout=&#8221;light&#8221; custom_padding=&#8221;60px|60px|60px|60px|true|true&#8221; custom_padding_tablet=&#8221;30px|30px|30px|30px|true|true&#8221; custom_padding_phone=&#8221;20px|20px|20px|20px|true|true&#8221; custom_padding_last_edited=&#8221;on|desktop&#8221; header_font_size_tablet=&#8221;28px&#8221; header_font_size_phone=&#8221;20px&#8221; header_font_size_last_edited=&#8221;on|phone&#8221; body_font_size_tablet=&#8221;16px&#8221; body_font_size_phone=&#8221;14px&#8221; body_font_size_last_edited=&#8221;on|phone&#8221; border_radii=&#8221;on|6px|6px|6px|6px&#8221; box_shadow_style=&#8221;preset3&#8243; box_shadow_vertical=&#8221;24px&#8221; box_shadow_blur=&#8221;72px&#8221; box_shadow_spread=&#8221;-12px&#8221; box_shadow_color=&#8221;rgba(0,0,0,0.12)&#8221; locked=&#8221;off&#8221; global_colors_info=&#8221;{%22gcid-f2943306-fa6c-45f0-b632-5fc00151366a%22:%91%22button_text_color%22%93,%22gcid-36fd78a7-34bc-404d-873c-dafa34efaae5%22:%91%22button_text_color%22,%22color%22,%22background_color%22%93,%22gcid-7cadd8b3-5228-48e4-90c4-212d09232f7b%22:%91%22color%22,%22color%22,%22color%22,%22color%22%93,%22gcid-f113ad93-2527-46d7-862b-fc71181c6b5e%22:%91%22border_color_all%22,%22border_color_all%22%93,%22gcid-bcf59a58-72c0-4031-b9fc-63497bd5a763%22:%91%22button_bg_color%22%93}&#8221; text_font_size_tablet=&#8221;16px&#8221; text_font_size_phone=&#8221;14px&#8221; text_font_size_last_edited=&#8221;on|phone&#8221;]<\/p>\n<p>Om du har n\u00e5gra fr\u00e5gor eller funderingar ang\u00e5ende v\u00e5r integritetspolicy eller hur vi hanterar dina uppgifter p\u00e5 Fortune Accounting, tveka inte att h\u00f6ra av dig. Vi \u00e4r angel\u00e4gna om att s\u00e4kerst\u00e4lla din integritet och uppr\u00e4tth\u00e5lla transparens.<\/p>\n<p>[\/et_pb_cta][\/et_pb_column][\/et_pb_row][\/et_pb_section]<\/p>\n","protected":false},"excerpt":{"rendered":"<p>Utforska v\u00e5rt engagemang f\u00f6r att skydda dina personuppgifter och f\u00f6rst\u00e5 dina r\u00e4ttigheter enligt v\u00e5r dataskyddspolicy.Din integritet \u00e4r viktig f\u00f6r oss och vi ansvarar f\u00f6r den personliga information som du f\u00f6rser oss med. Denna policy beskriver hur vi behandlar, lagrar och hanterar dina personuppgifter dels n\u00e4r du \u00e4r kund hos oss, dels n\u00e4r du s\u00f6ker arbete [&hellip;]<\/p>\n","protected":false},"author":2,"featured_media":0,"parent":0,"menu_order":0,"comment_status":"closed","ping_status":"closed","template":"","meta":{"_et_pb_use_builder":"on","_et_pb_old_content":"","_et_gb_content_width":"","footnotes":""},"class_list":["post-369","page","type-page","status-publish","hentry"],"_links":{"self":[{"href":"https:\/\/pannoniahem.se\/hu\/wp-json\/wp\/v2\/pages\/369","targetHints":{"allow":["GET"]}}],"collection":[{"href":"https:\/\/pannoniahem.se\/hu\/wp-json\/wp\/v2\/pages"}],"about":[{"href":"https:\/\/pannoniahem.se\/hu\/wp-json\/wp\/v2\/types\/page"}],"author":[{"embeddable":true,"href":"https:\/\/pannoniahem.se\/hu\/wp-json\/wp\/v2\/users\/2"}],"replies":[{"embeddable":true,"href":"https:\/\/pannoniahem.se\/hu\/wp-json\/wp\/v2\/comments?post=369"}],"version-history":[{"count":14,"href":"https:\/\/pannoniahem.se\/hu\/wp-json\/wp\/v2\/pages\/369\/revisions"}],"predecessor-version":[{"id":441,"href":"https:\/\/pannoniahem.se\/hu\/wp-json\/wp\/v2\/pages\/369\/revisions\/441"}],"wp:attachment":[{"href":"https:\/\/pannoniahem.se\/hu\/wp-json\/wp\/v2\/media?parent=369"}],"curies":[{"name":"wp","href":"https:\/\/api.w.org\/{rel}","templated":true}]}}